{"id":39526,"date":"2021-08-10T10:59:49","date_gmt":"2021-08-10T07:59:49","guid":{"rendered":"https:\/\/raedpp-constanta.ro\/?page_id=39526"},"modified":"2021-08-10T11:02:57","modified_gmt":"2021-08-10T08:02:57","slug":"cariere","status":"publish","type":"page","link":"http:\/\/afi.conforturban-ct.ro\/en\/cariere\/","title":{"rendered":"Cariere"},"content":{"rendered":"<div data-elementor-type=\"wp-page\" data-elementor-id=\"39526\" class=\"elementor elementor-39526\" data-elementor-post-type=\"page\">\n\t\t\t\t\t\t<section class=\"elementor-section elementor-top-section elementor-element elementor-element-a6b1272 elementor-section-boxed elementor-section-height-default elementor-section-height-default\" data-id=\"a6b1272\" data-element_type=\"section\">\n\t\t\t\t\t\t<div class=\"elementor-container elementor-column-gap-wider\">\n\t\t\t\t\t<div class=\"elementor-column elementor-col-100 elementor-top-column elementor-element elementor-element-3cb01c56\" data-id=\"3cb01c56\" data-element_type=\"column\">\n\t\t\t<div class=\"elementor-widget-wrap elementor-element-populated\">\n\t\t\t\t\t\t<div class=\"elementor-element elementor-element-f7361b preserve-img-ratio-cover elementor-widget elementor-widget-the7_elements\" data-id=\"f7361b\" data-element_type=\"widget\" data-widget_type=\"the7_elements.default\">\n\t\t\t\t<div class=\"elementor-widget-container\">\n\t\t\t<div class=\"portfolio-shortcode the7-elementor-widget the7_elements-f7361b mode-grid dt-css-grid-wrap classic-layout-list description-under-image scale-img content-bg-on resize-by-browser-width loading-effect-none enable-pagination-scroll jquery-filter\" data-padding=\"20px\" data-mobile-columns-num=\"1\" data-tablet-columns-num=\"3\" data-desktop-columns-num=\"3\" data-wide-desktop-columns-num=\"3\" data-post-limit=\"10\" data-pagination-mode=\"pages\" data-scroll-offset=\"0\"><div class=\"dt-css-grid custom-pagination-handler\"><div class=\"visible wf-cell\" data-post-id=\"41656\" data-date=\"2022-11-02T14:53:36+02:00\" data-name=\"Anunt angajare 02.11.2022\"><article class=\"post visible no-img post-41656 type-post status-publish format-standard hentry category-cariere category-296 description-off\" data-name=\"Anunt angajare 02.11.2022\" data-date=\"2022-11-02T14:53:36+02:00\">\n\n<div class=\"post-entry-content\">\n\n\t<h3 class=\"ele-entry-title\"><a href=\"http:\/\/afi.conforturban-ct.ro\/en\/2022\/11\/02\/anunt-angajare-02-11-2022\/\" rel=\"bookmark\" title=\"Anunt angajare 02.11.2022\">Anunt angajare 02.11.2022<\/a><\/h3><div class=\"entry-meta\"><a href=\"http:\/\/afi.conforturban-ct.ro\/en\/2022\/11\/02\/\" title=\"14:53\" class=\"meta-item data-link\" rel=\"bookmark\"><time class=\"entry-date updated\" datetime=\"2022-11-02T14:53:36+02:00\">2 November 2022<\/time><\/a><\/div><a href=\"http:\/\/afi.conforturban-ct.ro\/en\/2022\/11\/02\/anunt-angajare-02-11-2022\/\" target=\"\" aria-label=\"Read more about Anunt angajare 02.11.2022\" class=\"box-button elementor-button elementor-size-xs\">Citeste mai mult<\/a>\n<\/div><\/article><\/div><div class=\"visible wf-cell\" data-post-id=\"41423\" data-date=\"2022-05-18T17:33:43+03:00\" data-name=\"Anunt angajare\"><article class=\"post visible no-img post-41423 type-post status-publish format-standard hentry category-cariere category-296 description-off\" data-name=\"Anunt angajare\" data-date=\"2022-05-18T17:33:43+03:00\">\n\n<div class=\"post-entry-content\">\n\n\t<h3 class=\"ele-entry-title\"><a href=\"http:\/\/afi.conforturban-ct.ro\/en\/2022\/05\/18\/anunt-angajare\/\" rel=\"bookmark\" title=\"Anunt angajare\">Anunt angajare<\/a><\/h3><div class=\"entry-meta\"><a href=\"http:\/\/afi.conforturban-ct.ro\/en\/2022\/05\/18\/\" title=\"17:33\" class=\"meta-item data-link\" rel=\"bookmark\"><time class=\"entry-date updated\" datetime=\"2022-05-18T17:33:43+03:00\">18 May 2022<\/time><\/a><\/div><div class=\"entry-excerpt\"><p>http:\/\/afi.conforturban-ct.ro\/wp-content\/uploads\/2022\/05\/anunt-angajare.pdf<\/p>\n<\/div><a href=\"http:\/\/afi.conforturban-ct.ro\/en\/2022\/05\/18\/anunt-angajare\/\" target=\"\" aria-label=\"Read more about Anunt angajare\" class=\"box-button elementor-button elementor-size-xs\">Citeste mai mult<\/a>\n<\/div><\/article><\/div><div class=\"visible wf-cell\" data-post-id=\"41203\" data-date=\"2022-02-11T17:13:41+02:00\" data-name=\"Anunt de angajare\"><article class=\"post visible no-img post-41203 type-post status-publish format-standard hentry category-cariere category-296 description-off\" data-name=\"Anunt de angajare\" data-date=\"2022-02-11T17:13:41+02:00\">\n\n<div class=\"post-entry-content\">\n\n\t<h3 class=\"ele-entry-title\"><a href=\"http:\/\/afi.conforturban-ct.ro\/en\/2022\/02\/11\/anunt-de-angajare\/\" rel=\"bookmark\" title=\"Anunt de angajare\">Anunt de angajare<\/a><\/h3><div class=\"entry-meta\"><a href=\"http:\/\/afi.conforturban-ct.ro\/en\/2022\/02\/11\/\" title=\"17:13\" class=\"meta-item data-link\" rel=\"bookmark\"><time class=\"entry-date updated\" datetime=\"2022-02-11T17:13:41+02:00\">11 February 2022<\/time><\/a><\/div><div class=\"entry-excerpt\"><p>BLIOGRAFIE COMP ACHIZITII PUBLICE &nbsp; BIBLIOGRAFIE SERV ADM HC &nbsp; ANUNT CONCURS &nbsp; DECLARATIE<\/p>\n<\/div><a href=\"http:\/\/afi.conforturban-ct.ro\/en\/2022\/02\/11\/anunt-de-angajare\/\" target=\"\" aria-label=\"Read more about Anunt de angajare\" class=\"box-button elementor-button elementor-size-xs\">Citeste mai mult<\/a>\n<\/div><\/article><\/div><div class=\"visible wf-cell\" data-post-id=\"40077\" data-date=\"2021-08-25T09:43:09+03:00\" data-name=\"ANUN\u021a privind organizarea concursului pentru ocuparea unui post de economist \u00een cadrul Serviciului Administrare \u201eHenri Coand\u0103\u201d\"><article class=\"post visible no-img post-40077 type-post status-publish format-standard hentry category-cariere category-296 description-off\" data-name=\"ANUN\u021a privind organizarea concursului pentru ocuparea unui post de economist \u00een cadrul Serviciului Administrare \u201eHenri Coand\u0103\u201d\" data-date=\"2021-08-25T09:43:09+03:00\">\n\n<div class=\"post-entry-content\">\n\n\t<h3 class=\"ele-entry-title\"><a href=\"http:\/\/afi.conforturban-ct.ro\/en\/2021\/08\/25\/anunt-privind-organizarea-concursului-pentru-ocuparea-unui-post-de-economist-in-cadrul-serviciului-administrare-henri-coanda-2\/\" rel=\"bookmark\" title=\"ANUN\u021a privind organizarea concursului pentru ocuparea unui post de economist \u00een cadrul Serviciului Administrare \u201eHenri Coand\u0103\u201d\">ANUN\u021a privind organizarea concursului pentru ocuparea unui post de economist \u00een cadrul Serviciului Administrare \u201eHenri Coand\u0103\u201d<\/a><\/h3><div class=\"entry-meta\"><a href=\"http:\/\/afi.conforturban-ct.ro\/en\/2021\/08\/25\/\" title=\"9:43\" class=\"meta-item data-link\" rel=\"bookmark\"><time class=\"entry-date updated\" datetime=\"2021-08-25T09:43:09+03:00\">25 August 2021<\/time><\/a><\/div><a href=\"http:\/\/afi.conforturban-ct.ro\/en\/2021\/08\/25\/anunt-privind-organizarea-concursului-pentru-ocuparea-unui-post-de-economist-in-cadrul-serviciului-administrare-henri-coanda-2\/\" target=\"\" aria-label=\"Read more about ANUN\u021a privind organizarea concursului pentru ocuparea unui post de economist \u00een cadrul Serviciului Administrare \u201eHenri Coand\u0103\u201d\" class=\"box-button elementor-button elementor-size-xs\">Citeste mai mult<\/a>\n<\/div><\/article><\/div><div class=\"visible wf-cell\" data-post-id=\"40071\" data-date=\"2021-08-25T09:32:35+03:00\" data-name=\"ANUN\u021a privind organizarea concursului pentru ocuparea unui post de intendent \u00een cadrul Serviciului Administrare Pie\u021be, T\u00e2rguri \u0219i Oboare\"><article class=\"post visible no-img post-40071 type-post status-publish format-standard hentry category-cariere category-296 description-off\" data-name=\"ANUN\u021a privind organizarea concursului pentru ocuparea unui post de intendent \u00een cadrul Serviciului Administrare Pie\u021be, T\u00e2rguri \u0219i Oboare\" data-date=\"2021-08-25T09:32:35+03:00\">\n\n<div class=\"post-entry-content\">\n\n\t<h3 class=\"ele-entry-title\"><a href=\"http:\/\/afi.conforturban-ct.ro\/en\/2021\/08\/25\/anunt-privind-organizarea-concursului-pentru-ocuparea-unui-post-de-intendent-in-cadrul-serviciului-administrare-piete-targuri-si-oboare-2\/\" rel=\"bookmark\" title=\"ANUN\u021a privind organizarea concursului pentru ocuparea unui post de intendent \u00een cadrul Serviciului Administrare Pie\u021be, T\u00e2rguri \u0219i Oboare\">ANUN\u021a privind organizarea concursului pentru ocuparea unui post de intendent \u00een cadrul Serviciului Administrare Pie\u021be, T\u00e2rguri \u0219i Oboare<\/a><\/h3><div class=\"entry-meta\"><a href=\"http:\/\/afi.conforturban-ct.ro\/en\/2021\/08\/25\/\" title=\"9:32\" class=\"meta-item data-link\" rel=\"bookmark\"><time class=\"entry-date updated\" datetime=\"2021-08-25T09:32:35+03:00\">25 August 2021<\/time><\/a><\/div><a href=\"http:\/\/afi.conforturban-ct.ro\/en\/2021\/08\/25\/anunt-privind-organizarea-concursului-pentru-ocuparea-unui-post-de-intendent-in-cadrul-serviciului-administrare-piete-targuri-si-oboare-2\/\" target=\"\" aria-label=\"Read more about ANUN\u021a privind organizarea concursului pentru ocuparea unui post de intendent \u00een cadrul Serviciului Administrare Pie\u021be, T\u00e2rguri \u0219i Oboare\" class=\"box-button elementor-button elementor-size-xs\">Citeste mai mult<\/a>\n<\/div><\/article><\/div><div class=\"visible wf-cell\" data-post-id=\"40164\" data-date=\"2021-04-26T15:26:47+03:00\" data-name=\"ANUN\u021a privind organizare concurs de angajare consilier juridic\"><article class=\"post visible no-img post-40164 type-post status-publish format-standard hentry category-cariere\" data-name=\"ANUN\u021a privind organizare concurs de angajare consilier juridic\" data-date=\"2021-04-26T15:26:47+03:00\">\n\n<div class=\"post-entry-content\">\n\n\t<h3 class=\"ele-entry-title\"><a href=\"http:\/\/afi.conforturban-ct.ro\/en\/2021\/04\/26\/anunt-privind-organizare-concurs-de-angajare-consilier-juridic\/\" rel=\"bookmark\" title=\"ANUN\u021a privind organizare concurs de angajare consilier juridic\">ANUN\u021a privind organizare concurs de angajare consilier juridic<\/a><\/h3><div class=\"entry-meta\"><a href=\"http:\/\/afi.conforturban-ct.ro\/en\/2021\/04\/26\/\" title=\"15:26\" class=\"meta-item data-link\" rel=\"bookmark\"><time class=\"entry-date updated\" datetime=\"2021-04-26T15:26:47+03:00\">26 April 2021<\/time><\/a><\/div><div class=\"entry-excerpt\"><p>concurs-angajare-consilier-juridic Download<\/p>\n<\/div><a href=\"http:\/\/afi.conforturban-ct.ro\/en\/2021\/04\/26\/anunt-privind-organizare-concurs-de-angajare-consilier-juridic\/\" target=\"\" aria-label=\"Read more about ANUN\u021a privind organizare concurs de angajare consilier juridic\" class=\"box-button elementor-button elementor-size-xs\">Citeste mai mult<\/a>\n<\/div><\/article><\/div><div class=\"visible wf-cell\" data-post-id=\"40187\" data-date=\"2021-03-31T15:40:21+03:00\" data-name=\"ANUN\u021a privind demararea procedurii de recrutare \u0219i selec\u021bie a Directorului Executiv\"><article class=\"post visible no-img post-40187 type-post status-publish format-standard hentry category-cariere\" data-name=\"ANUN\u021a privind demararea procedurii de recrutare \u0219i selec\u021bie a Directorului Executiv\" data-date=\"2021-03-31T15:40:21+03:00\">\n\n<div class=\"post-entry-content\">\n\n\t<h3 class=\"ele-entry-title\"><a href=\"http:\/\/afi.conforturban-ct.ro\/en\/2021\/03\/31\/anunt-privind-demararea-procedurii-de-recrutare-si-selectie-a-directorului-executiv\/\" rel=\"bookmark\" title=\"ANUN\u021a privind demararea procedurii de recrutare \u0219i selec\u021bie a Directorului Executiv\">ANUN\u021a privind demararea procedurii de recrutare \u0219i selec\u021bie a Directorului Executiv<\/a><\/h3><div class=\"entry-meta\"><a href=\"http:\/\/afi.conforturban-ct.ro\/en\/2021\/03\/31\/\" title=\"15:40\" class=\"meta-item data-link\" rel=\"bookmark\"><time class=\"entry-date updated\" datetime=\"2021-03-31T15:40:21+03:00\">31 March 2021<\/time><\/a><\/div><div class=\"entry-excerpt\"><p>Consiliul de administra\u021bie al RAEDPP Constan\u021ba anun\u021b\u0103 demararea procedurii de recrutare \u0219i selec\u021bie a Directorului Executiv, conform normativelor legale privind&hellip;<\/p>\n<\/div><a href=\"http:\/\/afi.conforturban-ct.ro\/en\/2021\/03\/31\/anunt-privind-demararea-procedurii-de-recrutare-si-selectie-a-directorului-executiv\/\" target=\"\" aria-label=\"Read more about ANUN\u021a privind demararea procedurii de recrutare \u0219i selec\u021bie a Directorului Executiv\" class=\"box-button elementor-button elementor-size-xs\">Citeste mai mult<\/a>\n<\/div><\/article><\/div><div class=\"visible wf-cell\" data-post-id=\"40211\" data-date=\"2021-02-01T15:47:30+02:00\" data-name=\"Anun\u021b privind anularea organiz\u0103rii concursului de angajare din 02.02.2021\"><article class=\"post visible no-img post-40211 type-post status-publish format-standard hentry category-cariere\" data-name=\"Anun\u021b privind anularea organiz\u0103rii concursului de angajare din 02.02.2021\" data-date=\"2021-02-01T15:47:30+02:00\">\n\n<div class=\"post-entry-content\">\n\n\t<h3 class=\"ele-entry-title\"><a href=\"http:\/\/afi.conforturban-ct.ro\/en\/2021\/02\/01\/anunt-privind-anularea-organizarii-concursului-de-angajare-din-02-02-2021\/\" rel=\"bookmark\" title=\"Anun\u021b privind anularea organiz\u0103rii concursului de angajare din 02.02.2021\">Anun\u021b privind anularea organiz\u0103rii concursului de angajare din 02.02.2021<\/a><\/h3><div class=\"entry-meta\"><a href=\"http:\/\/afi.conforturban-ct.ro\/en\/2021\/02\/01\/\" title=\"15:47\" class=\"meta-item data-link\" rel=\"bookmark\"><time class=\"entry-date updated\" datetime=\"2021-02-01T15:47:30+02:00\">1 February 2021<\/time><\/a><\/div><div class=\"entry-excerpt\"><p>Regia Autonom\u0103 \u201eExploatarea Domeniului Public \u0219i Privat\u201d Constan\u021ba anun\u021b\u0103 anularea organiz\u0103rii concursului programat s\u0103 se desf\u0103\u0219oare \u00een data de 02.02.2021,&hellip;<\/p>\n<\/div><a href=\"http:\/\/afi.conforturban-ct.ro\/en\/2021\/02\/01\/anunt-privind-anularea-organizarii-concursului-de-angajare-din-02-02-2021\/\" target=\"\" aria-label=\"Read more about Anun\u021b privind anularea organiz\u0103rii concursului de angajare din 02.02.2021\" class=\"box-button elementor-button elementor-size-xs\">Citeste mai mult<\/a>\n<\/div><\/article><\/div><div class=\"visible wf-cell\" data-post-id=\"40213\" data-date=\"2021-01-27T15:49:01+02:00\" data-name=\"Anunt Angajare Consilier Juridic\"><article class=\"post visible no-img post-40213 type-post status-publish format-standard hentry category-cariere\" data-name=\"Anunt Angajare Consilier Juridic\" data-date=\"2021-01-27T15:49:01+02:00\">\n\n<div class=\"post-entry-content\">\n\n\t<h3 class=\"ele-entry-title\"><a href=\"http:\/\/afi.conforturban-ct.ro\/en\/2021\/01\/27\/anunt-angajare-consilier-juridic\/\" rel=\"bookmark\" title=\"Anunt Angajare Consilier Juridic\">Anunt Angajare Consilier Juridic<\/a><\/h3><div class=\"entry-meta\"><a href=\"http:\/\/afi.conforturban-ct.ro\/en\/2021\/01\/27\/\" title=\"15:49\" class=\"meta-item data-link\" rel=\"bookmark\"><time class=\"entry-date updated\" datetime=\"2021-01-27T15:49:01+02:00\">27 January 2021<\/time><\/a><\/div><div class=\"entry-excerpt\"><p>Regia Autonoma Exploatarea Domeniului Public si Privat Constanta organizeaza in data de 02.02.2021 concurs pentru ocuparea unui post de Consilier&hellip;<\/p>\n<\/div><a href=\"http:\/\/afi.conforturban-ct.ro\/en\/2021\/01\/27\/anunt-angajare-consilier-juridic\/\" target=\"\" aria-label=\"Read more about Anunt Angajare Consilier Juridic\" class=\"box-button elementor-button elementor-size-xs\">Citeste mai mult<\/a>\n<\/div><\/article><\/div><\/div><!-- iso-container|iso-grid --><div class=\"paginator filter-decorations filter-pointer-underline filter-animation-fade\" role=\"navigation\"><\/div><\/div>\t\t<\/div>\n\t\t\t\t<\/div>\n\t\t\t\t\t<\/div>\n\t\t<\/div>\n\t\t\t\t\t<\/div>\n\t\t<\/section>\n\t\t\t\t<\/div>","protected":false},"excerpt":{"rendered":"<p>ANUN\u021a privind organizarea concursului pentru ocuparea unui post de economist \u00een cadrul Serviciului Administrare \u201eHenri Coand\u0103\u201d 10 august 2021 Citeste mai mult<\/p>","protected":false},"author":6,"featured_media":0,"parent":0,"menu_order":0,"comment_status":"closed","ping_status":"closed","template":"elementor_header_footer","meta":{"footnotes":""},"class_list":["post-39526","page","type-page","status-publish","hentry"],"yoast_head":"<!-- This site is optimized with the Yoast SEO plugin v25.6 - https:\/\/yoast.com\/wordpress\/plugins\/seo\/ -->\n<title>Cariere - Administra\u021bia Fondului Imobiliar<\/title>\n<meta name=\"robots\" content=\"index, follow, max-snippet:-1, max-image-preview:large, max-video-preview:-1\" \/>\n<link rel=\"canonical\" href=\"http:\/\/afi.conforturban-ct.ro\/en\/cariere\/\" \/>\n<meta property=\"og:locale\" content=\"en_US\" \/>\n<meta property=\"og:type\" content=\"article\" \/>\n<meta property=\"og:title\" content=\"Cariere - Administra\u021bia Fondului Imobiliar\" \/>\n<meta property=\"og:description\" content=\"ANUN\u021a privind organizarea concursului pentru ocuparea unui post de economist \u00een cadrul Serviciului Administrare \u201eHenri Coand\u0103\u201d 10 august 2021 Citeste mai mult\" \/>\n<meta property=\"og:url\" content=\"http:\/\/afi.conforturban-ct.ro\/en\/cariere\/\" \/>\n<meta property=\"og:site_name\" content=\"Administra\u021bia Fondului Imobiliar\" \/>\n<meta property=\"article:modified_time\" content=\"2021-08-10T08:02:57+00:00\" \/>\n<meta name=\"twitter:card\" content=\"summary_large_image\" \/>\n<script type=\"application\/ld+json\" class=\"yoast-schema-graph\">{\"@context\":\"https:\/\/schema.org\",\"@graph\":[{\"@type\":\"WebPage\",\"@id\":\"http:\/\/afi.conforturban-ct.ro\/cariere\/\",\"url\":\"http:\/\/afi.conforturban-ct.ro\/cariere\/\",\"name\":\"Cariere - Administra\u021bia Fondului Imobiliar\",\"isPartOf\":{\"@id\":\"http:\/\/afi.conforturban-ct.ro\/#website\"},\"datePublished\":\"2021-08-10T07:59:49+00:00\",\"dateModified\":\"2021-08-10T08:02:57+00:00\",\"inLanguage\":\"en-US\",\"potentialAction\":[{\"@type\":\"ReadAction\",\"target\":[\"http:\/\/afi.conforturban-ct.ro\/cariere\/\"]}]},{\"@type\":\"WebSite\",\"@id\":\"http:\/\/afi.conforturban-ct.ro\/#website\",\"url\":\"http:\/\/afi.conforturban-ct.ro\/\",\"name\":\"Administra\u021bia Fondului Imobiliar\",\"description\":\"Administra\u021bia Fondului Imobiliar\",\"publisher\":{\"@id\":\"http:\/\/afi.conforturban-ct.ro\/#organization\"},\"potentialAction\":[{\"@type\":\"SearchAction\",\"target\":{\"@type\":\"EntryPoint\",\"urlTemplate\":\"http:\/\/afi.conforturban-ct.ro\/?s={search_term_string}\"},\"query-input\":{\"@type\":\"PropertyValueSpecification\",\"valueRequired\":true,\"valueName\":\"search_term_string\"}}],\"inLanguage\":\"en-US\"},{\"@type\":\"Organization\",\"@id\":\"http:\/\/afi.conforturban-ct.ro\/#organization\",\"name\":\"Administra\u021bia Fondului Imobiliar\",\"url\":\"http:\/\/afi.conforturban-ct.ro\/\",\"logo\":{\"@type\":\"ImageObject\",\"inLanguage\":\"en-US\",\"@id\":\"http:\/\/afi.conforturban-ct.ro\/#\/schema\/logo\/image\/\",\"url\":\"http:\/\/afi.conforturban-ct.ro\/wp-content\/uploads\/2022\/11\/Administratia-fondului-imobiliar-2.png\",\"contentUrl\":\"http:\/\/afi.conforturban-ct.ro\/wp-content\/uploads\/2022\/11\/Administratia-fondului-imobiliar-2.png\",\"width\":500,\"height\":39,\"caption\":\"Administra\u021bia Fondului Imobiliar\"},\"image\":{\"@id\":\"http:\/\/afi.conforturban-ct.ro\/#\/schema\/logo\/image\/\"}}]}<\/script>\n<!-- \/ Yoast SEO plugin. -->","yoast_head_json":{"title":"Cariere - Administra\u021bia Fondului Imobiliar","robots":{"index":"index","follow":"follow","max-snippet":"max-snippet:-1","max-image-preview":"max-image-preview:large","max-video-preview":"max-video-preview:-1"},"canonical":"http:\/\/afi.conforturban-ct.ro\/en\/cariere\/","og_locale":"en_US","og_type":"article","og_title":"Cariere - Administra\u021bia Fondului Imobiliar","og_description":"ANUN\u021a privind organizarea concursului pentru ocuparea unui post de economist \u00een cadrul Serviciului Administrare \u201eHenri Coand\u0103\u201d 10 august 2021 Citeste mai mult","og_url":"http:\/\/afi.conforturban-ct.ro\/en\/cariere\/","og_site_name":"Administra\u021bia Fondului Imobiliar","article_modified_time":"2021-08-10T08:02:57+00:00","twitter_card":"summary_large_image","schema":{"@context":"https:\/\/schema.org","@graph":[{"@type":"WebPage","@id":"http:\/\/afi.conforturban-ct.ro\/cariere\/","url":"http:\/\/afi.conforturban-ct.ro\/cariere\/","name":"Cariere - Administra\u021bia Fondului Imobiliar","isPartOf":{"@id":"http:\/\/afi.conforturban-ct.ro\/#website"},"datePublished":"2021-08-10T07:59:49+00:00","dateModified":"2021-08-10T08:02:57+00:00","inLanguage":"en-US","potentialAction":[{"@type":"ReadAction","target":["http:\/\/afi.conforturban-ct.ro\/cariere\/"]}]},{"@type":"WebSite","@id":"http:\/\/afi.conforturban-ct.ro\/#website","url":"http:\/\/afi.conforturban-ct.ro\/","name":"Administra\u021bia Fondului Imobiliar","description":"Administra\u021bia Fondului Imobiliar","publisher":{"@id":"http:\/\/afi.conforturban-ct.ro\/#organization"},"potentialAction":[{"@type":"SearchAction","target":{"@type":"EntryPoint","urlTemplate":"http:\/\/afi.conforturban-ct.ro\/?s={search_term_string}"},"query-input":{"@type":"PropertyValueSpecification","valueRequired":true,"valueName":"search_term_string"}}],"inLanguage":"en-US"},{"@type":"Organization","@id":"http:\/\/afi.conforturban-ct.ro\/#organization","name":"Administra\u021bia Fondului Imobiliar","url":"http:\/\/afi.conforturban-ct.ro\/","logo":{"@type":"ImageObject","inLanguage":"en-US","@id":"http:\/\/afi.conforturban-ct.ro\/#\/schema\/logo\/image\/","url":"http:\/\/afi.conforturban-ct.ro\/wp-content\/uploads\/2022\/11\/Administratia-fondului-imobiliar-2.png","contentUrl":"http:\/\/afi.conforturban-ct.ro\/wp-content\/uploads\/2022\/11\/Administratia-fondului-imobiliar-2.png","width":500,"height":39,"caption":"Administra\u021bia Fondului Imobiliar"},"image":{"@id":"http:\/\/afi.conforturban-ct.ro\/#\/schema\/logo\/image\/"}}]}},"_links":{"self":[{"href":"http:\/\/afi.conforturban-ct.ro\/en\/wp-json\/wp\/v2\/pages\/39526","targetHints":{"allow":["GET"]}}],"collection":[{"href":"http:\/\/afi.conforturban-ct.ro\/en\/wp-json\/wp\/v2\/pages"}],"about":[{"href":"http:\/\/afi.conforturban-ct.ro\/en\/wp-json\/wp\/v2\/types\/page"}],"author":[{"embeddable":true,"href":"http:\/\/afi.conforturban-ct.ro\/en\/wp-json\/wp\/v2\/users\/6"}],"replies":[{"embeddable":true,"href":"http:\/\/afi.conforturban-ct.ro\/en\/wp-json\/wp\/v2\/comments?post=39526"}],"version-history":[{"count":7,"href":"http:\/\/afi.conforturban-ct.ro\/en\/wp-json\/wp\/v2\/pages\/39526\/revisions"}],"predecessor-version":[{"id":39537,"href":"http:\/\/afi.conforturban-ct.ro\/en\/wp-json\/wp\/v2\/pages\/39526\/revisions\/39537"}],"wp:attachment":[{"href":"http:\/\/afi.conforturban-ct.ro\/en\/wp-json\/wp\/v2\/media?parent=39526"}],"curies":[{"name":"wp","href":"https:\/\/api.w.org\/{rel}","templated":true}]}}