{"version":"1.0","provider_name":"Administra\u021bia Fondului Imobiliar","provider_url":"https:\/\/afi.conforturban-ct.ro\/en","author_name":"","author_url":"https:\/\/afi.conforturban-ct.ro\/en\/author\/","title":"Comunicate de pres\u0103 - Administra\u021bia Fondului Imobiliar","type":"rich","width":600,"height":338,"html":"<blockquote class=\"wp-embedded-content\" data-secret=\"QLpco3PAUU\"><a href=\"https:\/\/afi.conforturban-ct.ro\/en\/comunicate-de-presa\/\">Comunicate de pres\u0103<\/a><\/blockquote><iframe sandbox=\"allow-scripts\" security=\"restricted\" src=\"https:\/\/afi.conforturban-ct.ro\/en\/comunicate-de-presa\/embed\/#?secret=QLpco3PAUU\" width=\"600\" height=\"338\" title=\"&#8220;Comunicate de pres\u0103&#8221; &#8212; Administra\u021bia Fondului Imobiliar\" data-secret=\"QLpco3PAUU\" frameborder=\"0\" marginwidth=\"0\" marginheight=\"0\" scrolling=\"no\" class=\"wp-embedded-content\"><\/iframe><script type=\"text\/javascript\">\n\/* <![CDATA[ *\/\n\/*! This file is auto-generated *\/\n!function(d,l){\"use strict\";l.querySelector&&d.addEventListener&&\"undefined\"!=typeof URL&&(d.wp=d.wp||{},d.wp.receiveEmbedMessage||(d.wp.receiveEmbedMessage=function(e){var t=e.data;if((t||t.secret||t.message||t.value)&&!\/[^a-zA-Z0-9]\/.test(t.secret)){for(var s,r,n,a=l.querySelectorAll('iframe[data-secret=\"'+t.secret+'\"]'),o=l.querySelectorAll('blockquote[data-secret=\"'+t.secret+'\"]'),c=new RegExp(\"^https?:$\",\"i\"),i=0;i<o.length;i++)o[i].style.display=\"none\";for(i=0;i<a.length;i++)s=a[i],e.source===s.contentWindow&&(s.removeAttribute(\"style\"),\"height\"===t.message?(1e3<(r=parseInt(t.value,10))?r=1e3:~~r<200&&(r=200),s.height=r):\"link\"===t.message&&(r=new URL(s.getAttribute(\"src\")),n=new URL(t.value),c.test(n.protocol))&&n.host===r.host&&l.activeElement===s&&(d.top.location.href=t.value))}},d.addEventListener(\"message\",d.wp.receiveEmbedMessage,!1),l.addEventListener(\"DOMContentLoaded\",function(){for(var e,t,s=l.querySelectorAll(\"iframe.wp-embedded-content\"),r=0;r<s.length;r++)(t=(e=s[r]).getAttribute(\"data-secret\"))||(t=Math.random().toString(36).substring(2,12),e.src+=\"#?secret=\"+t,e.setAttribute(\"data-secret\",t)),e.contentWindow.postMessage({message:\"ready\",secret:t},\"*\")},!1)))}(window,document);\n\/\/# sourceURL=https:\/\/afi.conforturban-ct.ro\/wp-includes\/js\/wp-embed.min.js\n\/* ]]> *\/\n<\/script>","description":"BAZARUL STEFANITA VODA Comunicate de pres\u010328 octombrie 2021 Regia Autonom\u0103 \u201eExploatarea Domeniului Public \u0219i Privat\u201d Constan\u021ba a f\u0103cut primii pa\u0219i \u00een conturarea profilului unei viitoare investi\u021bii pe strada Soveja intersec\u021bie cu strada \u0218tef\u0103ni\u021b\u0103 Vod\u0103 \u2013 Bazarul \u0218tef\u0103ni\u021b\u0103 Vod\u0103. Zilele trecute au fost finalizate documenta\u0163ia cadastral\u0103 \u015fi intabularea, fiind depus\u0103 totodat\u0103 cererea pentru emiterea certificatului de&hellip;"}